{"id":43,"date":"2018-02-04T15:35:10","date_gmt":"2018-02-04T15:35:10","guid":{"rendered":"https:\/\/inthewoods.at\/?page_id=43"},"modified":"2026-01-10T10:02:34","modified_gmt":"2026-01-10T10:02:34","slug":"when","status":"publish","type":"page","link":"https:\/\/www.inthewoods.at\/index.php\/when\/","title":{"rendered":"wann"},"content":{"rendered":"<div id=\"pl-43\"  class=\"panel-layout\" ><div id=\"pg-43-0\"  class=\"panel-grid panel-no-style\" ><div id=\"pgc-43-0-0\"  class=\"panel-grid-cell\" ><div id=\"panel-43-0-0-0\" class=\"so-panel widget widget_sow-editor panel-first-child\" data-index=\"0\" ><div\n\t\t\t\n\t\t\tclass=\"so-widget-sow-editor so-widget-sow-editor-base\"\n\t\t\t\n\t\t>\n<div class=\"siteorigin-widget-tinymce textwidget\">\n\t<h1><strong>Kommende Veranstaltungen<\/strong><\/h1>\n<p><a href=\"https:\/\/inthewoods.us17.list-manage.com\/subscribe?u=30f3954b5ccd297ab2dba8573&amp;id=4c96a8da12\"><span style=\"text-decoration: underline;\">Melde Dich HIER f\u00fcr den Newsletter an<\/span>,<\/a> um auf dem Laufenden zu bleiben!<\/p>\n<\/div>\n<\/div><\/div><div id=\"panel-43-0-0-1\" class=\"so-panel widget widget_my_calendar_upcoming_widget panel-last-child\"><div class='mc-event-list-container'><ul id='upcoming-events-9a87927fcc0f531f06fc78d710177edd' class='mc-event-list upcoming-events list-events'>\n<li class=\"mc-mc_upcoming_53 upcoming-event mc_general mc_no-location  future-event mc_primary_general nonrecurring mc-3-days mc-start-00-00 ungrouped mc-event-10 mc-events multidate mc_rel_general\"><div style=\"overflow: hidden\">\r\n\t<!-- De afbeelding blijft links zweven door float:left -->\r\n\t<div class='mc-event-image' style='width:340px;height:255px;overflow:hidden;border-radius:15px;float:left;margin-right:50px;margin-bottom:30px'><img loading=\"lazy\" decoding=\"async\" width=\"800\" height=\"600\" src=\"https:\/\/www.inthewoods.at\/wp-content\/uploads\/2018\/03\/Brennessel-oben.jpeg\" class=\"mc-image wp-post-image\" alt=\"\" srcset=\"https:\/\/www.inthewoods.at\/wp-content\/uploads\/2018\/03\/Brennessel-oben.jpeg 800w, https:\/\/www.inthewoods.at\/wp-content\/uploads\/2018\/03\/Brennessel-oben-300x225.jpeg 300w, https:\/\/www.inthewoods.at\/wp-content\/uploads\/2018\/03\/Brennessel-oben-768x576.jpeg 768w\" sizes=\"auto, (max-width: 800px) 100vw, 800px\" \/><\/div>\r\n\t\r\n\t<!-- Door overflow:hidden toe te voegen aan de tekst-container, \r\n         ontstaat er een blok dat netjes rechts van de float blijft staan -->\r\n\t\t<div class=\"mc-event-content\" style=\"overflow: hidden\">\r\n\t\t<strong>Shamanic Plant Medicine with T\u00fdr T\u00f6rstenson<\/strong><br \/>\r\n\t\t<span class='mc_db'>15 May 2026<\/span> <span>&ndash;<\/span> <span class='mc_de'>17 May 2026<\/span><br \/>\r\n\t\t\t\r\n\t\t\t<p><p>The spirits and our connection to plants are a focal point of this workshop. We renew and expand our contact with our allied helper spirits.<br \/>\nWe learn more about working with our spirit animals and teachers, whether as companions in our lives or as practicing shamans.<br \/>\nShamanic work is based on equal collaboration between humans and spirits and we will learn how to get to the \"otherworld\" beyond ours.<br \/>\nAdditionally, we will explore intial (healing) methods and working with clients.<\/p>\n<p><strong><a href=\"https:\/\/www.stonewitchandmoonlight.at\/\" target=\"_blank\"><span style=\"text-decoration: underline\">Oginized by Sabrina Moser<\/span><\/a><\/strong><\/p>\n<p><a href=\"https:\/\/www.stonewitchandmoonlight.com\/workshops\/workshop-shamanic-with-plant-medicine\/\" target=\"_blank\"><span style=\"text-decoration: underline\"><strong>Link to more information and registration<\/strong><\/span><\/a><\/p>\n<\/p>\r\n\t<\/div>    \r\n<\/div>\r\n<hr \/><\/li>\n\n<li class=\"mc-mc_upcoming_51 upcoming-event mc_general mc_no-location  future-event mc_primary_general nonrecurring mc-3-days mc-start-00-00 ungrouped mc-event-13 mc-events multidate mc_rel_general\"><div style=\"overflow: hidden\">\r\n\t<!-- De afbeelding blijft links zweven door float:left -->\r\n\t<div class='mc-event-image' style='width:340px;height:255px;overflow:hidden;border-radius:15px;float:left;margin-right:50px;margin-bottom:30px'><img loading=\"lazy\" decoding=\"async\" width=\"800\" height=\"600\" src=\"https:\/\/www.inthewoods.at\/wp-content\/uploads\/2018\/05\/Umgebung-Blick-auf-Nebel-Hongar-in-the-woods.jpg\" class=\"mc-image wp-post-image\" alt=\"\" srcset=\"https:\/\/www.inthewoods.at\/wp-content\/uploads\/2018\/05\/Umgebung-Blick-auf-Nebel-Hongar-in-the-woods.jpg 800w, https:\/\/www.inthewoods.at\/wp-content\/uploads\/2018\/05\/Umgebung-Blick-auf-Nebel-Hongar-in-the-woods-300x225.jpg 300w, https:\/\/www.inthewoods.at\/wp-content\/uploads\/2018\/05\/Umgebung-Blick-auf-Nebel-Hongar-in-the-woods-768x576.jpg 768w\" sizes=\"auto, (max-width: 800px) 100vw, 800px\" \/><\/div>\r\n\t\r\n\t<!-- Door overflow:hidden toe te voegen aan de tekst-container, \r\n         ontstaat er een blok dat netjes rechts van de float blijft staan -->\r\n\t\t<div class=\"mc-event-content\" style=\"overflow: hidden\">\r\n\t\t<strong>Core Shamanism - Basic Workshop with Kai Uwe Faust<\/strong><br \/>\r\n\t\t<span class='mc_db'>22 May 2026<\/span> <span>&ndash;<\/span> <span class='mc_de'>24 May 2026<\/span><br \/>\r\n\t\t\t\r\n\t\t\t<p><p>This beginners\u2019 workshop introduces universal, near-universal and common principles and techniques in shamanism, humankind\u2019s oldest healing tradition. Participants will learn the fundamentals of shamanic techniques following the basic structure of the Foundation for Shamanic Studies (FFS) founded by Michael Harner. Participants will be taught to use traditional shamanic journeys to meet their allies, helping spirits and to reconnect with the original strength of our ancestors.<\/p>\n<p><strong><a href=\"https:\/\/www.stonewitchandmoonlight.at\/\" target=\"_blank\"><span style=\"text-decoration: underline\">Oginized by Sabrina Moser<\/span><\/a><\/strong><\/p>\n<p><a href=\"https:\/\/www.stonewitchandmoonlight.com\/workshops\/workshop-core-shamanism\/\" target=\"_blank\"><span style=\"text-decoration: underline\"><strong>Link to more information and registration<\/strong><\/span><\/a><\/p>\n<\/p>\r\n\t<\/div>    \r\n<\/div>\r\n<hr \/><\/li>\n\n<li class=\"mc-mc_upcoming_52 upcoming-event mc_general mc_no-location  future-event mc_primary_general nonrecurring mc-3-days mc-start-00-00 ungrouped mc-event-12 mc-events multidate mc_rel_general\"><div style=\"overflow: hidden\">\r\n\t<!-- De afbeelding blijft links zweven door float:left -->\r\n\t<div class='mc-event-image' style='width:340px;height:255px;overflow:hidden;border-radius:15px;float:left;margin-right:50px;margin-bottom:30px'><img loading=\"lazy\" decoding=\"async\" width=\"800\" height=\"600\" src=\"https:\/\/www.inthewoods.at\/wp-content\/uploads\/2018\/03\/Regenbogen.jpg\" class=\"mc-image wp-post-image\" alt=\"\" srcset=\"https:\/\/www.inthewoods.at\/wp-content\/uploads\/2018\/03\/Regenbogen.jpg 800w, https:\/\/www.inthewoods.at\/wp-content\/uploads\/2018\/03\/Regenbogen-300x225.jpg 300w, https:\/\/www.inthewoods.at\/wp-content\/uploads\/2018\/03\/Regenbogen-768x576.jpg 768w\" sizes=\"auto, (max-width: 800px) 100vw, 800px\" \/><\/div>\r\n\t\r\n\t<!-- Door overflow:hidden toe te voegen aan de tekst-container, \r\n         ontstaat er een blok dat netjes rechts van de float blijft staan -->\r\n\t\t<div class=\"mc-event-content\" style=\"overflow: hidden\">\r\n\t\t<strong>Core Shamanism - Basic Workshop with Kai Uwe Faust<\/strong><br \/>\r\n\t\t<span class='mc_db'>29 May 2026<\/span> <span>&ndash;<\/span> <span class='mc_de'>31 May 2026<\/span><br \/>\r\n\t\t\t\r\n\t\t\t<p><p>This beginners\u2019 workshop introduces universal, near-universal and common principles and techniques in shamanism, humankind\u2019s oldest healing tradition. Participants will learn the fundamentals of shamanic techniques following the basic structure of the Foundation for Shamanic Studies (FFS) founded by Michael Harner. Participants will be taught to use traditional shamanic journeys to meet their allies, helping spirits and to reconnect with the original strength of our ancestors.<\/p>\n<p><strong><a href=\"https:\/\/www.stonewitchandmoonlight.at\/\" target=\"_blank\"><span style=\"text-decoration: underline\">Oginized by Sabrina Moser<\/span><\/a><\/strong><\/p>\n<p><a href=\"https:\/\/www.stonewitchandmoonlight.com\/workshops\/workshop-core-shamanism\/\" target=\"_blank\"><span style=\"text-decoration: underline\"><strong>Link to more information and registration<\/strong><\/span><\/a><\/p>\n<\/p>\r\n\t<\/div>    \r\n<\/div>\r\n<hr \/><\/li>\n\n<li class=\"mc-mc_upcoming_82 upcoming-event mc_general mc_no-location  future-event mc_primary_general nonrecurring mc-4-days mc-start-00-00 ungrouped mc-event-15 mc-events multidate mc_rel_general\"><div style=\"overflow: hidden\">\r\n\t<!-- De afbeelding blijft links zweven door float:left -->\r\n\t<div class='mc-event-image' style='width:340px;height:255px;overflow:hidden;border-radius:15px;float:left;margin-right:50px;margin-bottom:30px'><img loading=\"lazy\" decoding=\"async\" width=\"1024\" height=\"919\" src=\"https:\/\/www.inthewoods.at\/wp-content\/uploads\/2026\/04\/DSC_0175-ausschnitt-1024x919.jpg\" class=\"mc-image wp-post-image\" alt=\"\" srcset=\"https:\/\/www.inthewoods.at\/wp-content\/uploads\/2026\/04\/DSC_0175-ausschnitt-1024x919.jpg 1024w, https:\/\/www.inthewoods.at\/wp-content\/uploads\/2026\/04\/DSC_0175-ausschnitt-300x269.jpg 300w, https:\/\/www.inthewoods.at\/wp-content\/uploads\/2026\/04\/DSC_0175-ausschnitt-768x689.jpg 768w, https:\/\/www.inthewoods.at\/wp-content\/uploads\/2026\/04\/DSC_0175-ausschnitt-1536x1379.jpg 1536w, https:\/\/www.inthewoods.at\/wp-content\/uploads\/2026\/04\/DSC_0175-ausschnitt-2048x1838.jpg 2048w\" sizes=\"auto, (max-width: 1024px) 100vw, 1024px\" \/><\/div>\r\n\t\r\n\t<!-- Door overflow:hidden toe te voegen aan de tekst-container, \r\n         ontstaat er een blok dat netjes rechts van de float blijft staan -->\r\n\t\t<div class=\"mc-event-content\" style=\"overflow: hidden\">\r\n\t\t<strong>Feel Healed Yoga Retreat mit Raphaele Weigl zur Sommersonnwend<\/strong><br \/>\r\n\t\t<span class='mc_db'>18 June 2026<\/span> <span>&ndash;<\/span> <span class='mc_de'>21 June 2026<\/span><br \/>\r\n\t\t\t\r\n\t\t\t<p><p>Ein langes Wochenende der Entschleunigung mit Yoga, Sonnwendfeuer, Spazierg\u00e4ngen, selbstgemachten K\u00f6stlichkeiten begleitet von der zertifizierten Yogalehrerin (Gesundheitsyoga und Flowyoga) Raphaela Weigl.<\/p>\n<p><a href=\"https:\/\/www.inthewoods.at\/wp-content\/uploads\/2026\/03\/Feel-Healed-Raphaela-Sonnwend-1.pdf\" target=\"_blank\"><strong>Link zu weiteren Informationen und Kontakt<\/strong><\/a><\/p>\n<\/p>\r\n\t<\/div>    \r\n<\/div>\r\n<hr \/><\/li>\n\n<li class=\"mc-mc_upcoming_57 upcoming-event mc_general mc_no-location  future-event mc_primary_general nonrecurring mc-3-days mc-start-00-00 ungrouped mc-event-16 mc-events multidate mc_rel_general\"><div style=\"overflow: hidden\">\r\n\t<!-- De afbeelding blijft links zweven door float:left -->\r\n\t<div class='mc-event-image' style='width:340px;height:255px;overflow:hidden;border-radius:15px;float:left;margin-right:50px;margin-bottom:30px'><img loading=\"lazy\" decoding=\"async\" width=\"1024\" height=\"1024\" src=\"https:\/\/www.inthewoods.at\/wp-content\/uploads\/2026\/03\/1-1024x1024.jpg\" class=\"mc-image wp-post-image\" alt=\"\" srcset=\"https:\/\/www.inthewoods.at\/wp-content\/uploads\/2026\/03\/1-1024x1024.jpg 1024w, https:\/\/www.inthewoods.at\/wp-content\/uploads\/2026\/03\/1-300x300.jpg 300w, https:\/\/www.inthewoods.at\/wp-content\/uploads\/2026\/03\/1-768x768.jpg 768w, https:\/\/www.inthewoods.at\/wp-content\/uploads\/2026\/03\/1-1536x1536.jpg 1536w, https:\/\/www.inthewoods.at\/wp-content\/uploads\/2026\/03\/1.jpg 1748w\" sizes=\"auto, (max-width: 1024px) 100vw, 1024px\" \/><\/div>\r\n\t\r\n\t<!-- Door overflow:hidden toe te voegen aan de tekst-container, \r\n         ontstaat er een blok dat netjes rechts van de float blijft staan -->\r\n\t\t<div class=\"mc-event-content\" style=\"overflow: hidden\">\r\n\t\t<strong>FREI SEIN IN VERBINDUNG - \"Bindung im Blick\"<\/strong><br \/>\r\n\t\t<span class='mc_db'>3 July 2026<\/span> <span>&ndash;<\/span> <span class='mc_de'>5 July 2026<\/span><br \/>\r\n\t\t\t\r\n\t\t\t<p><p>Im Teil 1 der Workshop-Reihe \"Frei sein in Verbindung und verbunden sein in Freiheit\" kannst du einen heilsamen Blick auf deine Bindungspr\u00e4gungen werfen sowie Grundlagen zu Autonomie und Beziehung kennenlernen.<\/p>\n<p>Mit vielen \u00dcbungen aus der Aufstellungsarbeit und k\u00f6rperorientierten Traumaarbeit er\u00f6ffnen die Paar- und Learning-Love-Beraterin <a href=\"https:\/\/www.anitalobnig.at\/\">Anita Lobnig<\/a> und die Somatic-Experience und Cranio-Sacral-Practitioner <a href=\"https:\/\/www.corinahandlerthonhauser.at\/\">Corina Thonhauser-Handler<\/a> Erfahrungsr\u00e4ume, um die M\u00f6glichkeiten deiner Beziehungsgestaltung zu erweitern.<\/p>\n<p><a href=\"https:\/\/www.inthewoods.at\/wp-content\/uploads\/2026\/03\/Frei-sein-in-Verbindung-Flyer.pdf\" target=\"_blank\"><strong>Link zu weiteren Informationen und Kontakt<\/strong><\/a><\/p>\n<\/p>\r\n\t<\/div>    \r\n<\/div>\r\n<hr \/><\/li>\n\n<li class=\"mc-mc_upcoming_54 upcoming-event mc_general mc_no-location  future-event mc_primary_general nonrecurring mc-4-days mc-start-00-00 ungrouped mc-event-6 mc-events multidate mc_rel_general\"><div style=\"overflow: hidden\">\r\n\t<!-- De afbeelding blijft links zweven door float:left -->\r\n\t<div class='mc-event-image' style='width:340px;height:255px;overflow:hidden;border-radius:15px;float:left;margin-right:50px;margin-bottom:30px'><img loading=\"lazy\" decoding=\"async\" width=\"800\" height=\"600\" src=\"https:\/\/www.inthewoods.at\/wp-content\/uploads\/2018\/05\/Seminarhaus-in-the-woods.jpg\" class=\"mc-image wp-post-image\" alt=\"\" srcset=\"https:\/\/www.inthewoods.at\/wp-content\/uploads\/2018\/05\/Seminarhaus-in-the-woods.jpg 800w, https:\/\/www.inthewoods.at\/wp-content\/uploads\/2018\/05\/Seminarhaus-in-the-woods-300x225.jpg 300w, https:\/\/www.inthewoods.at\/wp-content\/uploads\/2018\/05\/Seminarhaus-in-the-woods-768x576.jpg 768w\" sizes=\"auto, (max-width: 800px) 100vw, 800px\" \/><\/div>\r\n\t\r\n\t<!-- Door overflow:hidden toe te voegen aan de tekst-container, \r\n         ontstaat er een blok dat netjes rechts van de float blijft staan -->\r\n\t\t<div class=\"mc-event-content\" style=\"overflow: hidden\">\r\n\t\t<strong>Frauenretreat - Der Weg zu dir selbst mit Julia Schl\u00f6gl<\/strong><br \/>\r\n\t\t<span class='mc_db'>22 July 2026<\/span> <span>&ndash;<\/span> <span class='mc_de'>25 July 2026<\/span><br \/>\r\n\t\t\t\r\n\t\t\t<p><p>Dieses Retreat ist f\u00fcr Frauen, die bereit sind, tiefer zu gehen und sich selbst (neu) zu begegnen.<br \/>\nIn einem Naturraum voller Ruhe und R\u00fcckhalt begleite Julia Schl\u00f6gl dich auf deiner eigenen Heldinnenreise \u2013 zur\u00fcck zu dir selbst.<\/p>\n<p><strong><span style=\"text-decoration: underline\"><a href=\"https:\/\/www.juliaschloegl.com\/frauenretreat\" target=\"_blank\">Zur weitere<\/a><\/span><a href=\"https:\/\/www.juliaschloegl.com\/frauenretreat\" target=\"_blank\"><span style=\"text-decoration: underline\"> Informationen<\/span><\/a><\/strong><\/p>\n<\/p>\r\n\t<\/div>    \r\n<\/div>\r\n<hr \/><\/li>\n\n<li class=\"mc-mc_upcoming_72 upcoming-event mc_general mc_no-location  future-event mc_primary_general nonrecurring mc-3-days mc-start-00-00 ungrouped mc-event-17 mc-events multidate mc_rel_general\"><div style=\"overflow: hidden\">\r\n\t<!-- De afbeelding blijft links zweven door float:left -->\r\n\t<div class='mc-event-image' style='width:340px;height:255px;overflow:hidden;border-radius:15px;float:left;margin-right:50px;margin-bottom:30px'><img loading=\"lazy\" decoding=\"async\" width=\"800\" height=\"600\" src=\"https:\/\/www.inthewoods.at\/wp-content\/uploads\/2018\/03\/Feuerbaum.jpg\" class=\"mc-image wp-post-image\" alt=\"\" srcset=\"https:\/\/www.inthewoods.at\/wp-content\/uploads\/2018\/03\/Feuerbaum.jpg 800w, https:\/\/www.inthewoods.at\/wp-content\/uploads\/2018\/03\/Feuerbaum-300x225.jpg 300w, https:\/\/www.inthewoods.at\/wp-content\/uploads\/2018\/03\/Feuerbaum-768x576.jpg 768w\" sizes=\"auto, (max-width: 800px) 100vw, 800px\" \/><\/div>\r\n\t\r\n\t<!-- Door overflow:hidden toe te voegen aan de tekst-container, \r\n         ontstaat er een blok dat netjes rechts van de float blijft staan -->\r\n\t\t<div class=\"mc-event-content\" style=\"overflow: hidden\">\r\n\t\t<strong>3-Tages Stille Retreat<\/strong><br \/>\r\n\t\t<span class='mc_db'>16 October 2026<\/span> <span>&ndash;<\/span> <span class='mc_de'>18 October 2026<\/span><br \/>\r\n\t\t\t\r\n\t\t\t<p><p>Drei Tage in Stille loslassen so wie es die Bl\u00e4tter der B\u00e4umen tun mit Martijn Pilon<\/p>\n<div>\n<p>weitere Informationen folgen<\/p>\n<p>Anmeldung:<br \/>\nMail: pilon.martijn@gmail.com<br \/>Tel.: 0677 61034507<\/p>\n<\/div>\n<p>&nbsp;<\/p>\n<\/p>\r\n\t<\/div>    \r\n<\/div>\r\n<hr \/><\/li>\n\n<li class=\"mc-mc_upcoming_75 upcoming-event mc_general mc_no-location  future-event mc_primary_general nonrecurring mc-5-days mc-start-01-00 ungrouped mc-event-18 mc-events multidate mc_rel_general\"><div style=\"overflow: hidden\">\r\n\t<!-- De afbeelding blijft links zweven door float:left -->\r\n\t<div class='mc-event-image' style='width:340px;height:255px;overflow:hidden;border-radius:15px;float:left;margin-right:50px;margin-bottom:30px'><img loading=\"lazy\" decoding=\"async\" width=\"800\" height=\"600\" src=\"https:\/\/www.inthewoods.at\/wp-content\/uploads\/2026\/04\/20251106_151051.jpg\" class=\"mc-image wp-post-image\" alt=\"\" srcset=\"https:\/\/www.inthewoods.at\/wp-content\/uploads\/2026\/04\/20251106_151051.jpg 800w, https:\/\/www.inthewoods.at\/wp-content\/uploads\/2026\/04\/20251106_151051-300x225.jpg 300w, https:\/\/www.inthewoods.at\/wp-content\/uploads\/2026\/04\/20251106_151051-768x576.jpg 768w\" sizes=\"auto, (max-width: 800px) 100vw, 800px\" \/><\/div>\r\n\t\r\n\t<!-- Door overflow:hidden toe te voegen aan de tekst-container, \r\n         ontstaat er een blok dat netjes rechts van de float blijft staan -->\r\n\t\t<div class=\"mc-event-content\" style=\"overflow: hidden\">\r\n\t\t<strong>5 Tage Stille zu Samhain<\/strong><br \/>\r\n\t\t<span class='mc_db'>28 October 2026<\/span> <span>&ndash;<\/span> <span class='mc_de'>1 November 2026<\/span><br \/>\r\n\t\t\t\r\n\t\t\t<p><p>Tiefes Eintauchen in die Stille und sich verbinden mit der Kraft von Samhain mit Martijn Pilon<\/p>\n<div>\n<p>weitere Informationen folgen<\/p>\n<p>Anmeldung:<br \/>\nMail: pilon.martijn@gmail.com<br \/>Tel.: 0677 61034507<\/p>\n<\/div>\n<p>&nbsp;<\/p>\n<\/p>\r\n\t<\/div>    \r\n<\/div>\r\n<hr \/><\/li>\n\n<li class=\"mc-mc_upcoming_70 upcoming-event mc_general mc_no-location  future-event mc_primary_general nonrecurring mc-4-days mc-start-01-00 ungrouped mc-event-19 mc-events multidate mc_rel_general\"><div style=\"overflow: hidden\">\r\n\t<!-- De afbeelding blijft links zweven door float:left -->\r\n\t<div class='mc-event-image' style='width:340px;height:255px;overflow:hidden;border-radius:15px;float:left;margin-right:50px;margin-bottom:30px'><img loading=\"lazy\" decoding=\"async\" width=\"800\" height=\"600\" src=\"https:\/\/www.inthewoods.at\/wp-content\/uploads\/2026\/04\/20251106_090818-1.jpg\" class=\"mc-image wp-post-image\" alt=\"\" srcset=\"https:\/\/www.inthewoods.at\/wp-content\/uploads\/2026\/04\/20251106_090818-1.jpg 800w, https:\/\/www.inthewoods.at\/wp-content\/uploads\/2026\/04\/20251106_090818-1-300x225.jpg 300w, https:\/\/www.inthewoods.at\/wp-content\/uploads\/2026\/04\/20251106_090818-1-768x576.jpg 768w\" sizes=\"auto, (max-width: 800px) 100vw, 800px\" \/><\/div>\r\n\t\r\n\t<!-- Door overflow:hidden toe te voegen aan de tekst-container, \r\n         ontstaat er een blok dat netjes rechts van de float blijft staan -->\r\n\t\t<div class=\"mc-event-content\" style=\"overflow: hidden\">\r\n\t\t<strong>4-Tages Stille Retreat<\/strong><br \/>\r\n\t\t<span class='mc_db'>26 November 2026<\/span> <span>&ndash;<\/span> <span class='mc_de'>29 November 2026<\/span><br \/>\r\n\t\t\t\r\n\t\t\t<p><p>Vier Tage der Stille lauschen und sich der Dunkelheit widmen mit Martijn Pilon<\/p>\n<div>\n<p>weitere Informationen folgen<\/p>\n<p>Anmeldung:<br \/>\nMail: pilon.martijn@gmail.com<br \/>Tel.: 0677 61034507<\/p>\n<\/div>\n<p>&nbsp;<\/p>\n<\/p>\r\n\t<\/div>    \r\n<\/div>\r\n<hr \/><\/li>\n\n<li class=\"mc-mc_upcoming_8 upcoming-event mc_general mc_no-location  future-event mc_primary_general nonrecurring mc-5-hours mc-start-18-00 ungrouped mc-event-2 mc-events mc_rel_general\"><div style=\"overflow: hidden\">\r\n\t<!-- De afbeelding blijft links zweven door float:left -->\r\n\t<div class='mc-event-image' style='width:340px;height:255px;overflow:hidden;border-radius:15px;float:left;margin-right:50px;margin-bottom:30px'><img loading=\"lazy\" decoding=\"async\" width=\"800\" height=\"600\" src=\"https:\/\/www.inthewoods.at\/wp-content\/uploads\/2018\/11\/Gundula-von-Traunsee.jpg\" class=\"mc-image wp-post-image\" alt=\"\" srcset=\"https:\/\/www.inthewoods.at\/wp-content\/uploads\/2018\/11\/Gundula-von-Traunsee.jpg 800w, https:\/\/www.inthewoods.at\/wp-content\/uploads\/2018\/11\/Gundula-von-Traunsee-300x225.jpg 300w, https:\/\/www.inthewoods.at\/wp-content\/uploads\/2018\/11\/Gundula-von-Traunsee-768x576.jpg 768w\" sizes=\"auto, (max-width: 800px) 100vw, 800px\" \/><\/div>\r\n\t\r\n\t<!-- Door overflow:hidden toe te voegen aan de tekst-container, \r\n         ontstaat er een blok dat netjes rechts van de float blijft staan -->\r\n\t\t<div class=\"mc-event-content\" style=\"overflow: hidden\">\r\n\t\t<strong>Wintersonnenwende<\/strong><br \/>\r\n\t\t<span class='mc_db'>21 December 2026<\/span><br \/>\r\n\t\t\t<span class='mc_tb'>17:00<\/span> <span>&ndash;<\/span> <span class='mc_te'>22:00<\/span>\r\n\t\t\t<p><p><strong>mit Musik von <a href=\"https:\/\/gundula-maria-von-traunsee.jimdofree.com\/\" target=\"_blank\"><span style=\"text-decoration: underline\">Gundula von Traunsee<\/span><\/a><\/strong><\/p>\n<p>Beschreibung von Gundula \u00fcber den Abend:<\/p>\n<p>\"Sich wieder auf das Geschehen in der Natur zur WinterSonnenWende besinnen, sich mit Mutter Erde verbinden mit alten Chants und neuen Liedern von Gundula Maria von Traunsee. Gemeinsam singen und die Wiederkehr des Lichtes feiern. Die Transformation von der Weihnachtsmelancholie zur WinterSonnenWendFreude erleben!\"<\/p>\n<p><span style=\"text-decoration: underline\"><strong><a href=\"https:\/\/www.inthewoods.at\/index.php\/wintersonnenwende\/\">Zur weitere Informationen<\/a><\/strong><\/span><\/p>\n<p><span style=\"text-decoration: underline\"><strong><a href=\"https:\/\/www.inthewoods.at\/wp-content\/uploads\/2025\/11\/Wintersonnenwende-inthewoods-2025-i2.pdf\" target=\"_blank\">Flyer zum weiterleiten<\/a><\/strong><\/span><\/p>\n<\/p>\r\n\t<\/div>    \r\n<\/div>\r\n<hr \/><\/li>\n<\/ul><\/div><\/div><\/div><\/div><\/div>","protected":false},"excerpt":{"rendered":"<p>Kommende Veranstaltungen Melde Dich HIER f\u00fcr den Newsletter an, um auf dem Laufenden zu bleiben!<\/p>\n","protected":false},"author":2,"featured_media":0,"parent":0,"menu_order":0,"comment_status":"closed","ping_status":"closed","template":"","meta":{"_mc_calendar":[],"footnotes":""},"class_list":["post-43","page","type-page","status-publish","hentry","post"],"_links":{"self":[{"href":"https:\/\/www.inthewoods.at\/index.php\/wp-json\/wp\/v2\/pages\/43","targetHints":{"allow":["GET"]}}],"collection":[{"href":"https:\/\/www.inthewoods.at\/index.php\/wp-json\/wp\/v2\/pages"}],"about":[{"href":"https:\/\/www.inthewoods.at\/index.php\/wp-json\/wp\/v2\/types\/page"}],"author":[{"embeddable":true,"href":"https:\/\/www.inthewoods.at\/index.php\/wp-json\/wp\/v2\/users\/2"}],"replies":[{"embeddable":true,"href":"https:\/\/www.inthewoods.at\/index.php\/wp-json\/wp\/v2\/comments?post=43"}],"version-history":[{"count":594,"href":"https:\/\/www.inthewoods.at\/index.php\/wp-json\/wp\/v2\/pages\/43\/revisions"}],"predecessor-version":[{"id":6633,"href":"https:\/\/www.inthewoods.at\/index.php\/wp-json\/wp\/v2\/pages\/43\/revisions\/6633"}],"wp:attachment":[{"href":"https:\/\/www.inthewoods.at\/index.php\/wp-json\/wp\/v2\/media?parent=43"}],"curies":[{"name":"wp","href":"https:\/\/api.w.org\/{rel}","templated":true}]}}